{"id":5797,"date":"2024-06-17T18:11:44","date_gmt":"2024-06-17T18:11:44","guid":{"rendered":"https:\/\/aecom.com\/fr-ca\/sustainable-legacies-ca\/our-strategy\/"},"modified":"2025-10-15T19:25:42","modified_gmt":"2025-10-15T19:25:42","slug":"our-strategy","status":"publish","type":"page","link":"https:\/\/aecom.com\/fr-ca\/sustainable-legacies-ca\/our-strategy\/","title":{"rendered":"Strat\u00e9gie en ESG\u00a0"},"content":{"rendered":"\n    <div class=\"aecom-custom-block careers-header\" style=\"background-color: #00353e; margin-top: 0px; margin-bottom: 0px;\">\n    <div class=\"careers-header-content\">\n                    <div class=\"careers-header-bg\" style=\"background-image: url('https:\/\/aecom.com\/fr-ca\/wp-content\/uploads\/2024\/06\/Site_panorama_6_LR_c9871118c8_be6171c746.webp');opacity: 20%;\"><\/div>\n                    <div class=\"row no-gutters header-container\">\n                <div class=\"col careers-title\">\n                    <div class=\"header-title\">\n                        <p class=\"careers-sub-title\">Notre strat\u00e9gie en ESG <\/p>\n                        <h1>Notre plan d\u2019action pour s\u2019am\u00e9liorer <\/h1>\n                    <\/div>\n                                            <div class=\"header-content\">\n                            <h2 style=\"color: #aecc53; font-size: 2em;\">\u00c7a commence par un plan <\/h2>\n<p>\u00c9tant donn\u00e9 que les principes\u202fESG font partie int\u00e9grante de toutes nos activit\u00e9s, l\u2019objectif de notre strat\u00e9gie\u202fH\u00e9ritage\u202fdurable est simple\u202f: veiller \u00e0 ce que notre gestion et les travaux que nous r\u00e9alisons en partenariat avec nos clients g\u00e9n\u00e8rent des retomb\u00e9es positives et durables pour les collectivit\u00e9s et notre plan\u00e8te. <\/p>\n                        <\/div>\n                                        <div class=\"cta-container\">\n\n                        <!-- add condition here -->\n                        \n                        <!-- add condition here -->\n                        \n\n                    <\/div>\n                    \n                <\/div>\n            <\/div>\n        <\/div>\n    <\/div>\n\n\n<div class=\"wp-block-columns sl-flex-centered is-layout-flex wp-container-core-columns-is-layout-9d6595d7 wp-block-columns-is-layout-flex\">\n<div class=\"wp-block-column sl-centered-column is-layout-flow wp-block-column-is-layout-flow\">\n<div class=\"wp-block-columns is-layout-flex wp-container-core-columns-is-layout-9d6595d7 wp-block-columns-is-layout-flex\">\n<div class=\"wp-block-column is-layout-flow wp-block-column-is-layout-flow\">\n<div class=\"aecom-custom-block block-intro-text\" style=\"margin-top: 48px; margin-bottom: 48px\">\n    <p class=\"editor-emphasized\">\n        Nous avons beaucoup travaill\u00e9 sur nos propres engagements en ESG, de sorte que notre offre aux clients s\u2019en trouve enrichie. Nous sommes bien plac\u00e9s pour vous aider \u00e0 mettre au point vos propres strat\u00e9gies H\u00e9ritage\u202fdurable. Pour atteindre notre objectif d\u2019offrir un monde meilleur, nous devons n\u00e9cessairement travailler ensemble.     <\/p>\n<\/div><\/div>\n\n\n\n<div class=\"wp-block-column is-layout-flow wp-block-column-is-layout-flow\">\n<div style=\"height:48px\" aria-hidden=\"true\" class=\"wp-block-spacer\"><\/div>\n\n\n\n<p class=\"has-text-color\" style=\"color:#00353e\">Dans notre dernier rapport en environnement, soci\u00e9t\u00e9 et gouvernance, nous avons pr\u00e9cis\u00e9 de quelles fa\u00e7ons H\u00e9ritage\u202fdurable transforme les principes ESG en actions.&nbsp;<\/p>\n\n\n\n    <div class=\"aecom-custom-block block-cta-button\" style=\"margin-top: 40px;\">\n        <a href=\"https:\/\/aecom.com\/wp-content\/uploads\/documents\/reports\/AECOM_2025_Sustainability_Report.pdf\" class=\"aecom-default-cta aecom-global-cta-l-green-solid aecom-global-cta-sml aecom-global-cta-bold aecom-global-cta aecom-global-cta-bold\" target=\"_blank\" >Lire le rapport ici  <svg data-name=\"Layer 1\" xmlns=\"http:\/\/www.w3.org\/2000\/svg\" viewBox=\"0 0 31.4 29.8\"><g data-name=\"Group 31\"><g data-name=\"Group 30\"><g data-name=\"Group 29\"><path data-name=\"Path 49\" d=\"M31.4 14.1h-3.1a12.6 12.6 0 0 1-25.2 0H0a15.7 15.7 0 1 0 31.4 0m-15.7 7 7.4-7.4-2.2-2.2-3.6 3.6V0h-3.1v15l-3.6-3.6-2.2 2.2 7.4 7.4Z\" fill=\"currentColor\"\/><\/g><\/g><\/g><\/svg><\/a>\n    <\/div>\n\n\n\n<p>(Contenu mondial, en anglais seulement)<\/p>\n<\/div>\n<\/div>\n<\/div>\n<\/div>\n\n\n\n<div class=\"wp-block-columns sl-flex-centered has-background is-layout-flex wp-container-core-columns-is-layout-9d6595d7 wp-block-columns-is-layout-flex\" style=\"background-color:#008768\">\n<div class=\"wp-block-column sl-centered-column-small is-layout-flow wp-block-column-is-layout-flow\">\n<h2 class=\"wp-block-heading has-text-align-center has-white-color has-text-color\"><strong>Transmettre un h\u00e9ritage durable<\/strong><\/h2>\n\n\n\n<div style=\"height:12px\" aria-hidden=\"true\" class=\"wp-block-spacer\"><\/div>\n\n\n\n<p class=\"has-text-align-center has-white-color has-text-color\">Au lancement de notre strat\u00e9gie H\u00e9ritage\u202fdurable, nous avons pris certains engagements afin d\u2019atteindre nos objectifs. Un an plus tard, l\u2019heure du bilan est venue\u202f: nous \u00e9valuons la t\u00e2che devant nous et revoyons nos objectifs.<\/p>\n\n\n\n    <div class=\"aecom-custom-block block-cta-button centered-btn\" style=\"margin-top: 40px;\">\n        <a href=\"https:\/\/publications.aecom.com\/media\/files\/Sustainable_Legacies_Strategy_2022.pdf\" class=\"aecom-default-cta aecom-global-cta-l-green-solid aecom-global-cta-sml aecom-global-cta-bold aecom-global-cta aecom-global-cta-bold\" target=\"_blank\" >T\u00e9l\u00e9charger notre strat\u00e9gie  <svg data-name=\"Layer 1\" xmlns=\"http:\/\/www.w3.org\/2000\/svg\" viewBox=\"0 0 31.4 29.8\"><g data-name=\"Group 31\"><g data-name=\"Group 30\"><g data-name=\"Group 29\"><path data-name=\"Path 49\" d=\"M31.4 14.1h-3.1a12.6 12.6 0 0 1-25.2 0H0a15.7 15.7 0 1 0 31.4 0m-15.7 7 7.4-7.4-2.2-2.2-3.6 3.6V0h-3.1v15l-3.6-3.6-2.2 2.2 7.4 7.4Z\" fill=\"currentColor\"\/><\/g><\/g><\/g><\/svg><\/a>\n    <\/div>\n\n\n\n<p class=\"has-text-align-center has-white-color has-text-color\">(Contenu mondial, en anglais seulement)<\/p>\n<\/div>\n<\/div>\n\n\n\n<div class=\"wp-block-columns sl-flex-centered has-background is-layout-flex wp-container-core-columns-is-layout-9d6595d7 wp-block-columns-is-layout-flex\" style=\"background-color:#00353e\">\n<div class=\"wp-block-column sl-centered-column-med is-layout-flow wp-block-column-is-layout-flow\">\n<div class=\"wp-block-columns animated-block is-layout-flex wp-container-core-columns-is-layout-9d6595d7 wp-block-columns-is-layout-flex\">\n<div class=\"wp-block-column animate__animated animate__fadeInLeft is-layout-flow wp-block-column-is-layout-flow\">\n<svg enable-background=\"new 0 0 300 300\" viewBox=\"0 0 300 300\" width=\"75%\" xmlns=\"http:\/\/www.w3.org\/2000\/svg\"><g fill=\"none\" stroke=\"#aecc53\" stroke-miterlimit=\"10\" stroke-width=\"6\"><path d=\"m12.1 149.1c0-76 61.5-137.7 137.5-137.7s137.4 61.5 137.4 137.7-61.5 137.7-137.4 137.7\"><\/path><path d=\"m199.1 176.4v19.4m-93.9 42.4c20.4-38.6 87.6-54.8 126-30.7l7.8 5.7c-14-13.2-50.3-22.7-93-22.7-42.6 0-79 9.4-93 22.7m31.8-17.4v-96h40.8v88.7-94.3-24.7h73.5v57.1l1.7 4.7c-2.2-5.8-4.9-11.1-7.7-14.6-2.2-2.9-4.3-4.6-6.2-4.6s-4 1.8-6.2 4.6c-3.3 4.3-6.5 10.9-8.9 18-2.2 6.4-3.6 13.2-3.6 18.8 0 8.1 5.1 20 17.5 20.7h1.2v18-18.1c3.5-.1 7.4-1.1 9.8-2.6l.9 1.6c3 4.6 7.8 8.2 15 8.2v17.2.9-18c13.2 0 18.7-12.4 18.7-20.8 0-5.6-1.4-12.4-3.6-18.8-2.4-7.1-5.6-13.8-8.9-18-2.2-2.9-4.3-4.6-6.2-4.6s-4 1.8-6.2 4.6c-1.5 2-3.1 4.6-4.5 7.5-1.6 3.2-3.1 6.9-4.4 10.6-2.2 6.4-3.6 13.2-3.6 18.8 0 2.8.6 6.1 1.9 9.1\"><\/path><\/g><\/svg>\n\n\n\n<h1 class=\"wp-block-heading pillars-side-text has-text-color\" style=\"color:#aecc53;font-size:8em;font-style:normal;font-weight:400\">Gagnant<\/h1>\n\n\n\n<p class=\"has-white-color has-text-color\" style=\"font-size:0.9em;font-style:normal;font-weight:300\">Laboratoire du capital naturel, Prix de l\u2019excellence de Verdantix\u202fInnovation pour la mise en \u0153uvre de strat\u00e9gies de durabilit\u00e9<\/p>\n<\/div>\n\n\n\n<div class=\"wp-block-column is-layout-flow wp-block-column-is-layout-flow\">\n<h1 class=\"wp-block-heading pillars-heading has-text-color\" style=\"color:#aecc53;font-size:3.5em\">Int\u00e9gration des principes de d\u00e9veloppement durable et de r\u00e9silience dans l\u2019ensemble de nos activit\u00e9s<\/h1>\n\n\n\n<p class=\"pillars-body has-white-color has-text-color\" style=\"font-size:1.2em\">L\u2019int\u00e9gration du d\u00e9veloppement durable et de la r\u00e9silience dans nos travaux et nos \u00e9quipes n\u00e9cessite un investissement dans les connaissances, le savoir-faire et les outils, sans oublier la mesure des progr\u00e8s r\u00e9alis\u00e9s. La formation en ESG est d\u00e9sormais obligatoire pour tous les employ\u00e9s. De plus, nous dirigeons un groupe de travail sur la mesure et la transparence en ESG pour le compte du groupe de travail de l\u2019Initiative pour des march\u00e9s durables. Enfin, nous avons investi dans la mise au point de nouveaux processus et de plateformes num\u00e9riques comme ScopeX<sup>MC<\/sup>, con\u00e7ue pour r\u00e9duire les retomb\u00e9es du carbone d\u2019au moins 50\u202f% dans les grands projets, qu\u2019il s\u2019agisse d\u2019urbanisme ou de gestion des biens.<\/p>\n\n\n\n<div style=\"height:24px\" aria-hidden=\"true\" class=\"wp-block-spacer\"><\/div>\n\n\n\n<p class=\"pillars-body has-white-color has-text-color\" style=\"font-size:1.2em\">De surcro\u00eet, nous avons lanc\u00e9 notre offre mondiale de services-conseils en ESG afin d\u2019aider nos clients \u00e0 s\u2019y retrouver parmi les exigences urgentes et variables dans le domaine. De la strat\u00e9gie organisationnelle aux moindres d\u00e9tails techniques en ESG, notre offre vous guide dans l\u2019ensemble du cycle de vie des projets afin que vous puissiez r\u00e9aliser vos ambitions.<\/p>\n\n\n\n<div style=\"height:24px\" aria-hidden=\"true\" class=\"wp-block-spacer\"><\/div>\n<\/div>\n<\/div>\n<\/div>\n<\/div>\n\n\n\n<div class=\"wp-block-columns sl-flex-centered has-white-background-color has-background is-layout-flex wp-container-core-columns-is-layout-9d6595d7 wp-block-columns-is-layout-flex\">\n<div class=\"wp-block-column sl-centered-column-med is-layout-flow wp-block-column-is-layout-flow\">\n<div class=\"wp-block-columns is-layout-flex wp-container-core-columns-is-layout-9d6595d7 wp-block-columns-is-layout-flex\">\n<div class=\"wp-block-column is-layout-flow wp-block-column-is-layout-flow\">\n<h1 class=\"wp-block-heading pillars-heading has-text-color\" style=\"color:#008768;font-size:3.5em\">Am\u00e9lioration des retomb\u00e9es sociales<\/h1>\n\n\n\n<p class=\"pillars-body has-text-color\" style=\"color:#00353e;font-size:1.2em\">Dans le but d\u2019offrir une valeur sociale par nos activit\u00e9s, nos \u00e9quipes doivent refl\u00e9ter la diversit\u00e9 des clients et des collectivit\u00e9s que nous servons. Nous avons fix\u00e9 une cible quant \u00e0 la proportion de femmes dans l\u2019entreprise\u202f: au moins 20\u202f% dans les postes de haute direction et au moins 35\u202f% dans le personnel. Nous faisons des progr\u00e8s. En effet, 18\u202f% des postes de direction sont occup\u00e9s par des femmes et celles-ci composent 33\u202f% du personnel. Par ailleurs, nous avons fix\u00e9 certains objectifs en mati\u00e8re de diversit\u00e9 (autre que celle en lien avec le sexe) particuliers aux r\u00e9gions et aux pays cette ann\u00e9e. Afin de bien r\u00e9ussir, nous avons mis sur pied un groupe mondial en valeur sociale qui encouragera les pratiques d\u2019excellence et qui veillera \u00e0 ce que toutes les r\u00e9gions o\u00f9 l\u2019entreprise est \u00e9tablie s\u2019y conforment.<\/p>\n\n\n\n<div style=\"height:24px\" aria-hidden=\"true\" class=\"wp-block-spacer\"><\/div>\n\n\n\n<p class=\"pillars-body has-text-color\" style=\"color:#00353e;font-size:1.2em\">Nous avons cr\u00e9\u00e9 et pilot\u00e9 un tableau de bord de la valeur sociale dans nos activit\u00e9s au Royaume-Uni et en Irlande afin de mesurer et de quantifier les r\u00e9sultats en mati\u00e8re de valeur sociale. Nous esp\u00e9rons \u00e9tendre ce tableau de bord \u00e0 d&#8217;autres r\u00e9gions \u00e0 l&#8217;avenir afin de mieux mesurer et am\u00e9liorer la valeur sociale dans nos r\u00e9gions.<\/p>\n<\/div>\n\n\n\n<div class=\"wp-block-column animate__animated animate__fadeInRight is-layout-flow wp-block-column-is-layout-flow\">\n<svg version=\"1.1\" id=\"Layer_1\" xmlns=\"http:\/\/www.w3.org\/2000\/svg\" xmlns:xlink=\"http:\/\/www.w3.org\/1999\/xlink\" x=\"0px\" y=\"0px\" viewBox=\"0 0 300 300\" width=\"75%\" style=\"enable-background:new 0 0 300 300; xml:space=\" preserve\"=\"\">\n<style type=\"text\/css\">\n\t.st2{fill:none;stroke:#008768;stroke-width:6;stroke-miterlimit:10;}\n\t.st3{fill:none;stroke:#008768;stroke-width:4;stroke-miterlimit:10;}\n<\/style>\n<path id=\"second\" class=\"st2\" d=\"M172.5,286.9C97,298.9,26.2,247.3,14.2,171.7s39.4-146.6,115-158.6s146.3,39.6,158.3,115.2\"><\/path>\n<path id=\"main\" class=\"st3\" d=\"M150.9,135.2V166 M135.5,150.6h30.8 M65.3,92.4c0,0,4.3,2.3,5.1,6.8c1.1,7.7,6.8,13.4,6.8,13.4\n\tl26.5,24.8l0,0c2.3,2.3,6.3,2,8.3-0.3c1.4-1.4,2-3.7,1.4-5.4l-10.8-10.3l16.8,15.7l0,0c2.3,2.3,6.3,2,8.3-0.3\n\tc1.4-1.4,1.7-5.1-0.9-7.4l-4-3.4l-16-15.1l24.2,22.5c2.3,2.3,6.3,2,8.3-0.3c2.3-2.3,2-6.3-0.3-8.3l0.9,0.9l-22.8-21.4l17.4,16.3\n\tc2.6,2.3,6.6,2.3,8.8-0.3c2.3-2.6,2.3-6.6-0.3-8.8l0.3,0.3l-26.8-25.7l14.5,13.7c2.3,2.3,6.3,2,8.3-0.3c2.3-2.3,2-6.3-0.3-8.3l0,0\n\tl-18.8-17.7c0,0-4.3-4.3-14.3-5.1s-12-1.7-14.5-3.7 M207.9,61.6c0,0-2.3,4.3-6.8,5.1c-7.4,1.1-13.1,6.8-13.1,6.8l-24.8,26.5l0,0\n\tc-2.3,2.3-2,6.3,0.3,8.3c1.4,1.4,3.7,2,5.4,1.4l10.3-11.1l-15.7,17.1l0,0c-2.3,2.3-2,6.3,0.3,8.3c1.4,1.4,5.1,1.7,7.4-0.9l3.4-4\n\tl15.1-16l-22.5,24.2c-2.3,2.3-2,6.3,0.3,8.3c2.3,2.3,6.3,2,8.3-0.3l-0.9,0.9l21.4-22.8L180,130.9c-2.3,2.6-2.3,6.6,0.3,8.8\n\tc2.6,2.3,6.6,2.3,8.8-0.3l-0.3,0.3l25.1-26.8l-13.7,14.5c-2.3,2.3-2,6.3,0.3,8.3c2.3,2.3,6.3,2,8.3-0.3l0,0l17.7-18.8\n\tc0,0,4.3-4.3,5.1-14.3c0.9-10.3,1.7-12,3.7-14.5 M236.4,207.6c0,0-4.3-2.3-5.1-6.8c-1.1-7.7-6.8-13.4-6.8-13.4l-26.5-24.8l0,0\n\tc-2.3-2.3-6.3-2-8.3,0.3c-1.7,1.4-2.3,3.4-1.7,5.4l11.1,10.3l-16.8-15.4l0,0c-2.3-2.3-6.3-2-8.3,0.3c-1.4,1.4-1.7,5.1,0.9,7.4l4,3.4\n\tl16,15.1l-24.2-22.5c-2.3-2.3-6.3-2-8.3,0.3c-2.3,2.3-2,6.3,0.3,8.3l-0.9-0.9l22.8,21.4l-17.4-16.3c-2.6-2.3-6.6-2.3-8.8,0.3\n\tc-2.3,2.6-2.3,6.6,0.3,8.8l-0.3-0.3l26.8,25.1l-14.5-13.7c-2.3-2.3-6.3-2-8.3,0.3c-2,2.3-2,6.3,0.3,8.3l0,0l18.8,17.7\n\tc0,0,4.3,4.3,14.3,5.1c10.3,0.9,12,1.7,14.5,3.7 M93.8,238.4c0,0,2.3-4.3,6.8-5.1c7.7-1.1,13.4-6.8,13.4-6.8l24.8-26.5l0,0\n\tc2.3-2.3,2-6.3-0.3-8.3c-1.4-1.4-3.7-2-5.4-1.4l-10.3,11.1l15.7-16.8l0,0c2.3-2.3,2-6.3-0.3-8.3c-1.4-1.4-5.1-1.7-7.4,0.9l-3.4,4\n\tl-15.1,16l22.5-24.2c2.3-2.3,2-6.3-0.3-8.3c-2.3-2.3-6.3-2-8.3,0.3l0.9-0.9l-21.4,22.8l16.3-17.4c2.3-2.6,2.3-6.6-0.3-8.8\n\tc-2.6-2.3-6.6-2.3-8.8,0.3l0.3-0.3l-26,26.5l13.7-14.5c2.3-2.3,2-6.3-0.3-8.3c-2.3-2.3-6.3-2-8.3,0.3l0,0l-17.7,18.8\n\tc0,0-4.3,4.3-5.1,14.3c-0.9,10.3-1.7,12-3.7,14.5\"><\/path>\n<\/svg>\n\n\n\n<h1 class=\"wp-block-heading pillars-side-text has-text-color\" style=\"color:#008768;font-size:8em;font-style:normal;font-weight:400\">96M$<\/h1>\n\n\n\n<p class=\"has-text-color\" style=\"color:#00353e;font-size:0.9em;font-style:normal;font-weight:300\">Depuis 2019-2020, nous avons g\u00e9n\u00e9r\u00e9 96\u202fmillions de dollars en valeur sociale favorable \u00e0 la collectivit\u00e9 au Royaume-Uni et en Irlande. <\/p>\n<\/div>\n<\/div>\n<\/div>\n<\/div>\n\n\n\n<div class=\"wp-block-columns sl-flex-centered has-background is-layout-flex wp-container-core-columns-is-layout-9d6595d7 wp-block-columns-is-layout-flex\" style=\"background-color:#00353e\">\n<div class=\"wp-block-column sl-centered-column-med is-layout-flow wp-block-column-is-layout-flow\">\n<div class=\"wp-block-columns is-layout-flex wp-container-core-columns-is-layout-9d6595d7 wp-block-columns-is-layout-flex\">\n<div class=\"wp-block-column animate__animated animate__fadeInLeft is-layout-flow wp-block-column-is-layout-flow\">\n<svg version=\"1.1\" id=\"Layer_1\" xmlns=\"http:\/\/www.w3.org\/2000\/svg\" xmlns:xlink=\"http:\/\/www.w3.org\/1999\/xlink\" x=\"0px\" y=\"0px\" viewBox=\"0 0 300 300\" width=\"75%\" style=\"enable-background:new 0 0 300 300;\" xml:space=\"preserve\">\n<style type=\"text\/css\">\n\t.st0{fill:none;stroke:#aecc53;stroke-width:6;stroke-miterlimit:10;}\n\t.st1{fill:none;stroke:#aecc53;stroke-width:4;stroke-linecap:round;stroke-miterlimit:10;}\n<\/style>\n<path id=\"second_00000128478477105765148800000003146728195265295023_\" class=\"st0\" d=\"M150,12.2c76,0,137.5,61.5,137.5,137.8\n\tS226,287.8,150,287.8S12.5,226,12.5,150\"><\/path>\n<path id=\"main_00000174598332051802750500000006150267509771863464_\" class=\"st1\" d=\"M80,152c-10.2-3.1-17.6-12.5-17.6-23.5\n\tc0-13.6,11.1-24.7,24.7-24.7c0.6,0,0.9,0,1.4,0c-0.6-2.3-0.9-5.1-0.9-7.7c0-19.6,15.9-35.4,35.4-35.4c14.5,0,26.9,8.8,32.6,21.3\n\tc5.4-5.4,13-8.5,21.3-8.5c17,0,30.6,13.6,30.6,30.6c0,0.3,0,0.6,0,0.9c2-0.6,4-0.9,6.2-0.9c13.6,0,24.7,11.1,24.7,24.7\n\tc0,11.6-7.9,21.3-18.7,23.8L80,152z M145.7,203.6h-9.6v-27.5h-32.6v27.5H93l26.6,26.6l51.9-53.6l26.6,26.6h-10.5v27.5h-32.3v-27.5\n\th-10.2 M219.2,152.3c10.8-2.6,18.7-12.5,18.7-23.8c0-13.6-11.1-24.7-24.7-24.7c-2.3,0-4.3,0.3-6.2,0.9c0-0.3,0-0.6,0-0.9\n\tc0-17-13.6-30.6-30.6-30.6c-8.2,0-15.6,3.1-21.3,8.5c-5.4-12.5-17.9-21.3-32.6-21.3c-19,0-34.9,15.9-34.9,35.7\n\tc0,2.8,0.3,5.4,0.9,7.9c-0.6,0-0.9,0-1.4,0c-13.6,0-24.7,11.1-24.7,24.7c0,11.1,7.4,20.4,17.6,23.5H219.2z M188.8,139.8h-15\n\tc7.1-6.5,12.5-9.9,12.5-14.2s-3.7-7.9-7.9-7.9c-1.7,0-3.1,0.6-4.5,1.4l-4.3,3.1l0,0c1.1-2.3,1.7-4.8,1.7-7.4\n\tc0-9.1-7.4-16.4-16.4-16.4c-9.1,0-16.4,7.4-16.4,16.4c0,5.4,2.8,9.1,2.8,9.1l0,0c2.8,4.3,7.9,7.4,13.6,7.4c9.1,0,16.4-7.4,16.4-16.4\n\ts-7.4-16.4-16.4-16.4c-9.1,0-16.4,7.4-16.4,16.4c0,3.4,1.1,6.5,2.8,9.1l0,0c-2.8,4.5-7.9,7.4-13.9,7.4c-9.1,0-16.4-7.4-16.4-16.4\n\ts7.4-16.4,16.4-16.4c2.8,0,5.7,0.9,7.9,2\"><\/path>\n<\/svg>\n\n\n\n<h1 class=\"wp-block-heading pillars-side-text has-text-color\" style=\"color:#aecc53;font-size:8em;font-style:normal;font-weight:400\">2040<\/h1>\n\n\n\n<p class=\"has-white-color has-text-color\" style=\"font-size:0.9em;font-style:normal;font-weight:300\">L\u2019entreprise a \u00e9t\u00e9 l\u2019une des premi\u00e8res au monde \u00e0 avoir des objectifs de r\u00e9duction des \u00e9missions approuv\u00e9s par l\u2019initiative Science Based Targets pour atteindre la carboneutralit\u00e9 d\u2019ici 2040.<\/p>\n<\/div>\n\n\n\n<div class=\"wp-block-column is-layout-flow wp-block-column-is-layout-flow\">\n<h1 class=\"wp-block-heading pillars-heading has-text-color\" style=\"color:#aecc53;font-size:3.5em\">R\u00e9alisation de la carboneutralit\u00e9<\/h1>\n\n\n\n<p class=\"pillars-body has-white-color has-text-color\" style=\"font-size:1.2em\">Nous continuerons sur le chemin de la carboneutralit\u00e9 dans nos exploitations apr\u00e8s avoir atteint cet objectif en\u202f2021. La science nous tient \u00e0 c\u0153ur. C\u2019est pourquoi nous avons fait approuver nos objectifs plus ambitieux de r\u00e9duction des \u00e9missions par l\u2019initiative Science-Based\u202fTargets\u202f: atteindre la carboneutralit\u00e9 d\u2019ici 2040. Plus pr\u00e9cis\u00e9ment, d\u2019ici\u202f2030, nous voulons r\u00e9duire les \u00e9missions de port\u00e9e\u202f1\u202fet\u202f2 de 60\u202f% et celles de port\u00e9e\u202f3 de 50\u202f%, pour une r\u00e9duction des \u00e9missions totales de 90\u202f% d\u2019ici\u202f2040.<\/p>\n\n\n\n<div style=\"height:24px\" aria-hidden=\"true\" class=\"wp-block-spacer\"><\/div>\n\n\n\n<p class=\"pillars-body has-white-color has-text-color\" style=\"font-size:1.2em\">Nous faisons des progr\u00e8s\u202fdans les port\u00e9es\u202f1\u202fet\u202f2\u202fgr\u00e2ce en partie \u00e0 une utilisation accrue des \u00e9nergies renouvelables. Dans nos bureaux nord-am\u00e9ricains, cette proportion est de 100\u202f%. De plus, nous mettons sur pied le programme Voyager pour une bonne raison afin de r\u00e9duire les d\u00e9placements professionnels. En partenariat avec notre cha\u00eene d\u2019approvisionnement compos\u00e9e de plus de 7\u202f000\u202ffournisseurs et entrepreneurs sp\u00e9cialis\u00e9s, nous n\u00e9gocions des cibles de r\u00e9duction des \u00e9missions de carbone. C\u2019est cette cha\u00eene qui rejette le gros des \u00e9missions, soit plus de 80\u202f% de notre port\u00e9e\u202f3 au total. En ce qui concerne le carbone restant, nous travaillons \u00e0 des projets de solutions naturelles pour le s\u00e9questrer.<\/p>\n\n\n\n<div style=\"height:24px\" aria-hidden=\"true\" class=\"wp-block-spacer\"><\/div>\n<\/div>\n<\/div>\n<\/div>\n<\/div>\n\n\n\n<div class=\"wp-block-columns sl-flex-centered has-white-background-color has-background is-layout-flex wp-container-core-columns-is-layout-9d6595d7 wp-block-columns-is-layout-flex\">\n<div class=\"wp-block-column sl-centered-column-med is-layout-flow wp-block-column-is-layout-flow\">\n<div class=\"wp-block-columns is-layout-flex wp-container-core-columns-is-layout-9d6595d7 wp-block-columns-is-layout-flex\">\n<div class=\"wp-block-column animate__animated animate__fadeInRight is-layout-flow wp-block-column-is-layout-flow\">\n<svg version=\"1.1\" id=\"Layer_1\" xmlns=\"http:\/\/www.w3.org\/2000\/svg\" xmlns:xlink=\"http:\/\/www.w3.org\/1999\/xlink\" x=\"0px\" y=\"0px\" viewBox=\"0 0 300 300\" width=\"75%\" style=\"enable-background:new 0 0 300 300;\" xml:space=\"preserve\">\n<style type=\"text\/css\">\n\t.st2{fill:none;stroke:#008768;stroke-width:6;stroke-miterlimit:10;}\n\t.st3{fill:none;stroke:#008768;stroke-width:4;stroke-linecap:round;stroke-miterlimit:10;}\n<\/style>\n<path id=\"second\" class=\"st2\" d=\"M287.5,150c0,76-61.5,137.8-137.5,137.8S12.5,226,12.5,150S74,12.2,150,12.2\"><\/path>\n<path id=\"main\" class=\"st3\" d=\"M85.6,160.8c0,6-4.8,10.5-10.5,10.5c-6,0-10.5-4.8-10.5-10.5s4.8-10.5,10.5-10.5\n\tC81.1,150.3,85.6,154.8,85.6,160.8z M114.6,88.8c-6,0-10.5,4.8-10.5,10.5c0,5.7,4.8,10.5,10.5,10.5c6,0,10.5-4.8,10.5-10.5\n\tC125.1,93.6,120.5,88.8,114.6,88.8z M159.1,124.8c-6,0-10.5,4.8-10.5,10.5c0,6,4.8,10.5,10.5,10.5c6,0,10.5-4.8,10.5-10.5\n\tS165,124.8,159.1,124.8z M206.7,64.9c-6,0-10.5,4.8-10.5,10.5s4.8,10.5,10.5,10.5c6,0,10.5-4.8,10.5-10.5S212.4,64.9,206.7,64.9z\n\t M149.7,130.4l-27.2-23.5 M107.5,107.2L80,148.9 M199.3,82.8l-34.6,43.7 M188,235.1h47.3v-97H188V235.1z M93,235.1h47.3v-47.3H93\n\tV235.1z M140.6,235.1H188v-25.2h-47.3V235.1z M93,235.1h47.3v-47.3H93V235.1z\"><\/path>\n<\/svg>\n\n\n\n<h1 class=\"wp-block-heading pillars-side-text has-text-color\" style=\"color:#008768;font-size:8em;font-style:normal;font-weight:400\">19<\/h1>\n\n\n\n<p class=\"has-text-color\" style=\"color:#00353e;font-size:0.9em;font-style:normal;font-weight:300\">Nous faisons partie des 19\u202fentreprises \u00e0 avoir re\u00e7u en 2022 le Sceau Terra Carta de l\u2019Initiative pour des march\u00e9s durables gr\u00e2ce \u00e0 notre engagement pour la durabilit\u00e9 et \u00e0 l\u2019exemple que nous donnons par notre leadership en intendance environnementale dans toute l\u2019industrie.<\/p>\n<\/div>\n\n\n\n<div class=\"wp-block-column is-layout-flow wp-block-column-is-layout-flow\">\n<h1 class=\"wp-block-heading pillars-heading has-text-color\" style=\"color:#008768;font-size:3.5em\">Am\u00e9lioration de la gouvernance<\/h1>\n\n\n\n<p class=\"pillars-body has-text-color\" style=\"color:#00353e;font-size:1.2em\">La gestion efficace des aspects ESG g\u00e9n\u00e9raux et op\u00e9rationnels repose sur la gouvernance. \u00c0 cet effet, nous avons int\u00e9gr\u00e9 des indicateurs cl\u00e9s de rendement en ESG \u00e0 la r\u00e9mun\u00e9ration de la haute direction (dont le chef), et les performances en mati\u00e8re de durabilit\u00e9 \u00e0 nos param\u00e8tres financiers. Nous publions nos rapports mondiaux en ESG tous les ans, y compris les normes en mati\u00e8re d\u2019informations du TCFD et du SASB. De plus, nous revoyons notre cadre de risque en lien avec les aspects ESG (\u00e9tabli en 2021) tous les ans en recommandant des mises \u00e0 jour respectives, comme des fa\u00e7ons de mieux aider les clients \u00e0 effectuer une transition mondiale \u00e9quitable et efficace vers les \u00e9nergies vertes.<\/p>\n<\/div>\n<\/div>\n<\/div>\n<\/div>\n\n\n\n<div class=\"wp-block-columns sl-flex-centered has-background is-layout-flex wp-container-core-columns-is-layout-9d6595d7 wp-block-columns-is-layout-flex\" style=\"background-color:#008768\">\n<div class=\"wp-block-column contact-column-block is-layout-flow wp-block-column-is-layout-flow\">\n<div class=\"wp-block-columns is-layout-flex wp-container-core-columns-is-layout-9d6595d7 wp-block-columns-is-layout-flex\">\n<div class=\"wp-block-column sl-centered-column is-layout-flow wp-block-column-is-layout-flow\">\n<h1 class=\"wp-block-heading pillars-heading has-white-color has-text-color\" style=\"font-size:3em;font-style:normal;font-weight:800\"><strong>Besoin d\u2019aide avec votre strat\u00e9gie ESG?<\/strong><\/h1>\n\n\n\n<div style=\"height:24px\" aria-hidden=\"true\" class=\"wp-block-spacer\"><\/div>\n\n\n\n<p class=\"has-white-color has-text-color\" style=\"font-size:1.25em;font-style:normal;font-weight:400\">Notre \u00e9quipe de services-conseils en ESG peut vous aider \u00e0 \u00e9laborer la strat\u00e9gie ESG de votre organisation.<\/p>\n\n\n\n    <div class=\"aecom-custom-block block-cta-button\" style=\"margin-top: 40px;\">\n        <a href=\"\/fr-ca\/sustainable-legacies-ca\/our-people\/\" class=\"aecom-default-cta aecom-global-cta-l-green-solid aecom-global-cta-sml aecom-global-cta-bold aecom-global-cta aecom-global-cta-bold\"  >Contactez nous <svg data-name=\"Layer 1\" xmlns=\"http:\/\/www.w3.org\/2000\/svg\" viewBox=\"0 0 31.4 29.8\"><g data-name=\"Group 31\"><g data-name=\"Group 30\"><g data-name=\"Group 29\"><path data-name=\"Path 49\" d=\"M31.4 14.1h-3.1a12.6 12.6 0 0 1-25.2 0H0a15.7 15.7 0 1 0 31.4 0m-15.7 7 7.4-7.4-2.2-2.2-3.6 3.6V0h-3.1v15l-3.6-3.6-2.2 2.2 7.4 7.4Z\" fill=\"currentColor\"\/><\/g><\/g><\/g><\/svg><\/a>\n    <\/div>\n\n\n\n<div style=\"height:24px\" aria-hidden=\"true\" class=\"wp-block-spacer\"><\/div>\n<\/div>\n\n\n\n<div class=\"wp-block-column sl-centered-column contact-img is-layout-flow wp-block-column-is-layout-flow\">\n<figure class=\"wp-block-image size-large\"><img decoding=\"async\" src=\"https:\/\/aecom.com\/content\/wp-content\/uploads\/2024\/06\/Microsoft_Teams_image_116_afec6ad492_bee9d9d66a-1024x576.webp\" alt=\"\" class=\"wp-image-125509\"\/><\/figure>\n<\/div>\n<\/div>\n<\/div>\n<\/div>\n","protected":false},"excerpt":{"rendered":"<p>Dans notre dernier rapport en environnement, soci\u00e9t\u00e9 et gouvernance, nous avons pr\u00e9cis\u00e9 de quelles fa\u00e7ons H\u00e9ritage\u202fdurable transforme les principes ESG en actions.&nbsp; (Contenu mondial, en anglais seulement) Transmettre un h\u00e9ritage durable Au lancement de notre strat\u00e9gie H\u00e9ritage\u202fdurable, nous avons pris certains engagements afin d\u2019atteindre nos objectifs. Un an plus tard, l\u2019heure du bilan est venue\u202f:&#8230;<\/p>\n","protected":false},"author":46,"featured_media":5686,"parent":5650,"menu_order":0,"comment_status":"closed","ping_status":"closed","template":"views\/page-careers-content.blade.php","meta":{"_acf_changed":false,"footnotes":""},"yst_prominent_words":[],"class_list":["post-5797","page","type-page","status-publish","has-post-thumbnail","hentry"],"acf":[],"_links":{"self":[{"href":"https:\/\/aecom.com\/fr-ca\/wp-json\/wp\/v2\/pages\/5797","targetHints":{"allow":["GET"]}}],"collection":[{"href":"https:\/\/aecom.com\/fr-ca\/wp-json\/wp\/v2\/pages"}],"about":[{"href":"https:\/\/aecom.com\/fr-ca\/wp-json\/wp\/v2\/types\/page"}],"author":[{"embeddable":true,"href":"https:\/\/aecom.com\/fr-ca\/wp-json\/wp\/v2\/users\/46"}],"replies":[{"embeddable":true,"href":"https:\/\/aecom.com\/fr-ca\/wp-json\/wp\/v2\/comments?post=5797"}],"version-history":[{"count":3,"href":"https:\/\/aecom.com\/fr-ca\/wp-json\/wp\/v2\/pages\/5797\/revisions"}],"predecessor-version":[{"id":7897,"href":"https:\/\/aecom.com\/fr-ca\/wp-json\/wp\/v2\/pages\/5797\/revisions\/7897"}],"up":[{"embeddable":true,"href":"https:\/\/aecom.com\/fr-ca\/wp-json\/wp\/v2\/pages\/5650"}],"wp:featuredmedia":[{"embeddable":true,"href":"https:\/\/aecom.com\/fr-ca\/wp-json\/wp\/v2\/media\/5686"}],"wp:attachment":[{"href":"https:\/\/aecom.com\/fr-ca\/wp-json\/wp\/v2\/media?parent=5797"}],"wp:term":[{"taxonomy":"yst_prominent_words","embeddable":true,"href":"https:\/\/aecom.com\/fr-ca\/wp-json\/wp\/v2\/yst_prominent_words?post=5797"}],"curies":[{"name":"wp","href":"https:\/\/api.w.org\/{rel}","templated":true}]}}