{"id":6347,"date":"2024-10-04T19:17:13","date_gmt":"2024-10-04T19:17:13","guid":{"rendered":"https:\/\/aecom.com\/fr-ca\/people-spotlights-ca\/"},"modified":"2025-12-18T12:59:01","modified_gmt":"2025-12-18T12:59:01","slug":"people-spotlights-ca","status":"publish","type":"page","link":"https:\/\/aecom.com\/fr-ca\/people-spotlights-ca\/","title":{"rendered":"Pleins feux sur les employ\u00e9s"},"content":{"rendered":"\n<h2 class=\"wp-block-heading\">Voir nos Examens approfondis et nos Pleins feux sur les employ\u00e9s ici<\/h2>\n\n\n        <div class=\"full-width-media theme-stone-grey-light layout-one-third media-stacked\"\n            style=\"margin-top: 0px; margin-bottom: 0px\">\n                <div\n            class=\"row no-gutters flex-sm-wrap \">\n            <div\n                class=\"col-lg-7 col-sm-12 col-md-12 media-text-content\">\n                <div class=\"media-text-content-wrapper\">\n                    <div class=\"media-text-title\">\n                                                                                                    <h2> Pleins feux sur les employ\u00e9s&nbsp;: Voici Ryan King<\/h2>\n                                                                    <\/div>\n                    <div class=\"media-text-text\">\n                        <p><p>Cette semaine, nous vous pr\u00e9sentons le responsable du segment de march\u00e9 pour les communaut\u00e9s nordiques et autochtones du secteur d\u2019affaires eau pour la r\u00e9gion Canada.<\/p>\n<\/p>\n                    <\/div>\n                                            <div class=\"media-text-link\">\n                            <a href=\"\/fr-ca\/people-spotlight-meet-ryan-king\/\"                                 class=\"aecom-global-cta aecom-global-cta-sml aecom-global-cta-bold button-outline\">Lire la suite<\/a>\n\n                        <\/div>\n                                    <\/div>\n            <\/div>\n                            <div class=\"col-lg-5 col-md-12 col-sm-12 media-image-container\"\n                    style=\"background-color: #000;\">\n                    <div class=\"media-image\"\n                        style=\"background-image: url('https:\/\/aecom.com\/fr-ca\/wp-content\/uploads\/2025\/12\/Prince_Albert_WTP_201707-4-scaled.jpg');opacity: 100%;\">\n                    <\/div>\n                <\/div>\n                                <\/div>\n    <\/div>\n\n        <div class=\"full-width-media theme-white layout-one-third media-stacked\"\n            style=\"margin-top: 0px; margin-bottom: 0px\">\n                <div\n            class=\"row no-gutters flex-sm-wrap col-row-reverse\">\n            <div\n                class=\"col-lg-7 col-sm-12 col-md-12 media-text-content\">\n                <div class=\"media-text-content-wrapper\">\n                    <div class=\"media-text-title\">\n                                                                                                    <h2> Pleins feux sur les employ\u00e9s&nbsp;: Voici Daniel Charbonneau<\/h2>\n                                                                    <\/div>\n                    <div class=\"media-text-text\">\n                        <p><p>Cette semaine, nous vous pr\u00e9sentons un gestionnaire de projet de r\u00e9conciliation de la r\u00e9gion Canada et un aper\u00e7u de son inspiration et de son travail.<\/p>\n<\/p>\n                    <\/div>\n                                            <div class=\"media-text-link\">\n                            <a href=\"\/fr-ca\/people-spotlight-meet-daniel-charbonneau\/\"                                 class=\"aecom-global-cta aecom-global-cta-sml aecom-global-cta-bold button-outline\">Lire la suite<\/a>\n\n                        <\/div>\n                                    <\/div>\n            <\/div>\n                            <div class=\"col-lg-5 col-md-12 col-sm-12 media-image-container\"\n                    style=\"background-color: #000;\">\n                    <div class=\"media-image\"\n                        style=\"background-image: url('https:\/\/aecom.com\/fr-ca\/wp-content\/uploads\/2025\/08\/Ind-Pic-2-e1755541925305.jpg');opacity: 100%;\">\n                    <\/div>\n                <\/div>\n                                <\/div>\n    <\/div>\n\n        <div class=\"full-width-media theme-stone-grey-light layout-one-third media-stacked\"\n            style=\"margin-top: 0px; margin-bottom: 0px\">\n                <div\n            class=\"row no-gutters flex-sm-wrap \">\n            <div\n                class=\"col-lg-7 col-sm-12 col-md-12 media-text-content\">\n                <div class=\"media-text-content-wrapper\">\n                    <div class=\"media-text-title\">\n                                                                                                    <h2> Pleins feux sur les employ\u00e9s : Voici Jeff Chan<\/h2>\n                                                                    <\/div>\n                    <div class=\"media-text-text\">\n                        <p><p><span class=\"TextRun SCXW93506955 BCX0\" lang=\"FR-CA\" xml:lang=\"FR-CA\" data-contrast=\"auto\"><span class=\"NormalTextRun SCXW93506955 BCX0\">Cette semaine, nous vous pr\u00e9sentons un ing\u00e9nieur en structures de notre secteur d\u2019affaires b\u00e2timents + am\u00e9nagements de la r\u00e9gion Canada, et nous levons le voile sur son inspiration conceptuelle et technique et son travail.<\/span><\/span><\/p>\n<\/p>\n                    <\/div>\n                                            <div class=\"media-text-link\">\n                            <a href=\"\/fr-ca\/people-spotlight-meet-jeff-chan\/\"                                 class=\"aecom-global-cta aecom-global-cta-sml aecom-global-cta-bold button-outline\">Lire la suite<\/a>\n\n                        <\/div>\n                                    <\/div>\n            <\/div>\n                            <div class=\"col-lg-5 col-md-12 col-sm-12 media-image-container\"\n                    style=\"background-color: #000;\">\n                    <div class=\"media-image\"\n                        style=\"background-image: url('https:\/\/aecom.com\/fr-ca\/wp-content\/uploads\/2025\/08\/gh3-Warehouse_Park-02-1.jpg');opacity: 100%;\">\n                    <\/div>\n                <\/div>\n                                <\/div>\n    <\/div>\n\n        <div class=\"full-width-media theme-white layout-one-third media-stacked\"\n            style=\"margin-top: 0px; margin-bottom: 0px\">\n                <div\n            class=\"row no-gutters flex-sm-wrap col-row-reverse\">\n            <div\n                class=\"col-lg-7 col-sm-12 col-md-12 media-text-content\">\n                <div class=\"media-text-content-wrapper\">\n                    <div class=\"media-text-title\">\n                                                                                                    <h2>Pleins feux sur les employ\u00e9s : Voici Anna Cleaver<\/h2>\n                                                                    <\/div>\n                    <div class=\"media-text-text\">\n                        <p><p><span class=\"TextRun SCXW93506955 BCX0\" lang=\"FR-CA\" xml:lang=\"FR-CA\" data-contrast=\"auto\"><span class=\"NormalTextRun SCXW93506955 BCX0\">Cette semaine, nous mettons en lumi\u00e8re une ing\u00e9nieure en traitement des eaux us\u00e9es de notre secteur<br \/>\nd\u2019affaires eau au Canada et nous vous donnons un aper\u00e7u de son inspiration et de son travail.<\/span><\/span><\/p>\n<\/p>\n                    <\/div>\n                                            <div class=\"media-text-link\">\n                            <a href=\"\/fr-ca\/people-spotlight-meet-anna-cleaver\/\"                                 class=\"aecom-global-cta aecom-global-cta-sml aecom-global-cta-bold button-outline\">Lire la suite<\/a>\n\n                        <\/div>\n                                    <\/div>\n            <\/div>\n                            <div class=\"col-lg-5 col-md-12 col-sm-12 media-image-container\"\n                    style=\"background-color: #000;\">\n                    <div class=\"media-image\"\n                        style=\"background-image: url('https:\/\/aecom.com\/fr-ca\/wp-content\/uploads\/2024\/12\/AnnaCleaverProject-1.jpg');opacity: 100%;\">\n                    <\/div>\n                <\/div>\n                                <\/div>\n    <\/div>\n\n        <div class=\"full-width-media theme-stone-grey-light layout-one-third media-stacked\"\n            style=\"margin-top: 0px; margin-bottom: 0px\">\n                <div\n            class=\"row no-gutters flex-sm-wrap \">\n            <div\n                class=\"col-lg-7 col-sm-12 col-md-12 media-text-content\">\n                <div class=\"media-text-content-wrapper\">\n                    <div class=\"media-text-title\">\n                                                                                                    <h2>Examen approfondi avec Josh Jones <\/h2>\n                                                                    <\/div>\n                    <div class=\"media-text-text\">\n                        <p><p><span class=\"TextRun SCXW93506955 BCX0\" lang=\"FR-CA\" xml:lang=\"FR-CA\" data-contrast=\"auto\"><span class=\"NormalTextRun SCXW93506955 BCX0\">Cette semaine, nous pr\u00e9sentons un gestionnaire de programmes de notre secteur transport au Canada et nous explorons comment lui et son \u00e9quipe ont mis en place un syst\u00e8me de transport en commun s\u00fbr, durable et innovant dans la ville d\u2019Edmonton.<\/span><\/span><\/p>\n<\/p>\n                    <\/div>\n                                            <div class=\"media-text-link\">\n                            <a href=\"\/fr-ca\/deep-dive-with-josh-jones\/\"                                 class=\"aecom-global-cta aecom-global-cta-sml aecom-global-cta-bold button-outline\">Lire la suite<\/a>\n\n                        <\/div>\n                                    <\/div>\n            <\/div>\n                            <div class=\"col-lg-5 col-md-12 col-sm-12 media-image-container\"\n                    style=\"background-color: #000;\">\n                    <div class=\"media-image\"\n                        style=\"background-image: url('https:\/\/aecom.com\/fr-ca\/wp-content\/uploads\/2024\/10\/header-resized-1-1-scaled-1-scaled.jpg');opacity: 100%;\">\n                    <\/div>\n                <\/div>\n                                <\/div>\n    <\/div>\n\n        <div class=\"full-width-media theme-white layout-one-third media-stacked\"\n            style=\"margin-top: 0px; margin-bottom: 0px\">\n                <div\n            class=\"row no-gutters flex-sm-wrap col-row-reverse\">\n            <div\n                class=\"col-lg-7 col-sm-12 col-md-12 media-text-content\">\n                <div class=\"media-text-content-wrapper\">\n                    <div class=\"media-text-title\">\n                                                                                                    <h2>Pleins feux sur les employ\u00e9s : Voici Gordon Geoffrey<\/h2>\n                                                                    <\/div>\n                    <div class=\"media-text-text\">\n                        <p><p><span class=\"TextRun SCXW81465697 BCX0\" lang=\"FR-CA\" xml:lang=\"FR-CA\" data-contrast=\"auto\"><span class=\"NormalTextRun SCXW81465697 BCX0\">Cette semaine, nous vous pr\u00e9sentons un responsable technique de notre secteur d\u2019affaires eau au Canada et vous donnons un aper\u00e7u de son inspiration et de son travail.<\/span><\/span><span class=\"EOP SCXW81465697 BCX0\" data-ccp-props=\"{&quot;201341983&quot;:1,&quot;335559739&quot;:0,&quot;335559740&quot;:260}\">\u00a0<\/span><\/p>\n<\/p>\n                    <\/div>\n                                            <div class=\"media-text-link\">\n                            <a href=\"\/fr-ca\/people-spotlight-meet-gordon-geoffrey\/\"                                 class=\"aecom-global-cta aecom-global-cta-sml aecom-global-cta-bold button-outline\">Lire la suite<\/a>\n\n                        <\/div>\n                                    <\/div>\n            <\/div>\n                            <div class=\"col-lg-5 col-md-12 col-sm-12 media-image-container\"\n                    style=\"background-color: #000;\">\n                    <div class=\"media-image\"\n                        style=\"background-image: url('https:\/\/aecom.com\/fr-ca\/wp-content\/uploads\/2024\/10\/1-resized-v2-1-scaled-1-scaled.jpg');opacity: 100%;\">\n                    <\/div>\n                <\/div>\n                                <\/div>\n    <\/div>\n\n        <div class=\"full-width-media theme-stone-grey-light layout-one-third media-stacked\"\n            style=\"margin-top: 0px; margin-bottom: 0px\">\n                <div\n            class=\"row no-gutters flex-sm-wrap \">\n            <div\n                class=\"col-lg-7 col-sm-12 col-md-12 media-text-content\">\n                <div class=\"media-text-content-wrapper\">\n                    <div class=\"media-text-title\">\n                                                                                                    <h2>Pleins feux sur les employ\u00e9s : Voici Peter Ellingsen<\/h2>\n                                                                    <\/div>\n                    <div class=\"media-text-text\">\n                        <p><p><span class=\"TextRun SCXW109538603 BCX0\" lang=\"FR-CA\" xml:lang=\"FR-CA\" data-contrast=\"auto\"><span class=\"NormalTextRun SCXW109538603 BCX0\">Cette semaine, nous vous pr\u00e9sentons un gestionnaire en conception de notre secteur d\u2019affaires eau au Canada et nous vous donnons un aper\u00e7u de son inspiration et de son travail.<\/span><\/span><\/p>\n<\/p>\n                    <\/div>\n                                            <div class=\"media-text-link\">\n                            <a href=\"\/fr-ca\/people-spotlight-meet-peter-ellingsen\/\"                                 class=\"aecom-global-cta aecom-global-cta-sml aecom-global-cta-bold button-outline\">Lire la suite<\/a>\n\n                        <\/div>\n                                    <\/div>\n            <\/div>\n                            <div class=\"col-lg-5 col-md-12 col-sm-12 media-image-container\"\n                    style=\"background-color: #000;\">\n                    <div class=\"media-image\"\n                        style=\"background-image: url('https:\/\/aecom.com\/fr-ca\/wp-content\/uploads\/2024\/10\/header-resized-2.jpg');opacity: 100%;\">\n                    <\/div>\n                <\/div>\n                                <\/div>\n    <\/div>\n\n        <div class=\"full-width-media theme-white layout-one-third media-stacked\"\n            style=\"margin-top: 0px; margin-bottom: 0px\">\n                <div\n            class=\"row no-gutters flex-sm-wrap col-row-reverse\">\n            <div\n                class=\"col-lg-7 col-sm-12 col-md-12 media-text-content\">\n                <div class=\"media-text-content-wrapper\">\n                    <div class=\"media-text-title\">\n                                                                                                    <h2>Pleins feux sur les employ\u00e9s : Voici Colton Wooster<\/h2>\n                                                                    <\/div>\n                    <div class=\"media-text-text\">\n                        <p><p>Cette semaine, nous vous pr\u00e9sentons une vice-pr\u00e9sidente et gestionnaire de l\u2019exploitation de notre secteur d\u2019affaires eau au Canada, et nous vous donnons un aper\u00e7u de son inspiration et de son travail.<\/p>\n<\/p>\n                    <\/div>\n                                            <div class=\"media-text-link\">\n                            <a href=\"\/fr-ca\/people-spotlight-meet-colton-wooster\/\"                                 class=\"aecom-global-cta aecom-global-cta-sml aecom-global-cta-bold button-outline\">Lire la suite<\/a>\n\n                        <\/div>\n                                    <\/div>\n            <\/div>\n                            <div class=\"col-lg-5 col-md-12 col-sm-12 media-image-container\"\n                    style=\"background-color: #000;\">\n                    <div class=\"media-image\"\n                        style=\"background-image: url('https:\/\/aecom.com\/fr-ca\/wp-content\/uploads\/2024\/10\/imgonline-com-ua-CompressToSize-u8tZSRo9doBi-e1727880863760.jpg');opacity: 100%;\">\n                    <\/div>\n                <\/div>\n                                <\/div>\n    <\/div>\n\n        <div class=\"full-width-media theme-stone-grey-light layout-one-third media-stacked\"\n            style=\"margin-top: 0px; margin-bottom: 0px\">\n                <div\n            class=\"row no-gutters flex-sm-wrap \">\n            <div\n                class=\"col-lg-7 col-sm-12 col-md-12 media-text-content\">\n                <div class=\"media-text-content-wrapper\">\n                    <div class=\"media-text-title\">\n                                                                                                    <h2>Pleins feux sur les employ\u00e9s : Voici Zuliana Mawani<\/h2>\n                                                                    <\/div>\n                    <div class=\"media-text-text\">\n                        <p><p>Cette semaine, nous vous pr\u00e9sentons une vice-pr\u00e9sidente et gestionnaire de l\u2019exploitation de notre secteur d\u2019affaires eau au Canada, et nous vous donnons un aper\u00e7u de son inspiration et de son travail.<\/p>\n<\/p>\n                    <\/div>\n                                            <div class=\"media-text-link\">\n                            <a href=\"\/fr-ca\/people-spotlight-meet-zuliana-mawani\/\"                                 class=\"aecom-global-cta aecom-global-cta-sml aecom-global-cta-bold button-outline\">Lire la suite<\/a>\n\n                        <\/div>\n                                    <\/div>\n            <\/div>\n                            <div class=\"col-lg-5 col-md-12 col-sm-12 media-image-container\"\n                    style=\"background-color: #000;\">\n                    <div class=\"media-image\"\n                        style=\"background-image: url('https:\/\/aecom.com\/fr-ca\/wp-content\/uploads\/2024\/10\/WP-header-resized-scaled-2-scaled.jpg');opacity: 100%;\">\n                    <\/div>\n                <\/div>\n                                <\/div>\n    <\/div>\n\n        <div class=\"full-width-media theme-white layout-one-third media-stacked\"\n            style=\"margin-top: 0px; margin-bottom: 0px\">\n                <div\n            class=\"row no-gutters flex-sm-wrap col-row-reverse\">\n            <div\n                class=\"col-lg-7 col-sm-12 col-md-12 media-text-content\">\n                <div class=\"media-text-content-wrapper\">\n                    <div class=\"media-text-title\">\n                                                                                                    <h2>Pleins feux sur les employ\u00e9s : Voici Lamiaa Eldakhly<\/h2>\n                                                                    <\/div>\n                    <div class=\"media-text-text\">\n                        <p><p><span class=\"TextRun SCXW116172732 BCX0\" lang=\"FR-CA\" xml:lang=\"FR-CA\" data-contrast=\"auto\"><span class=\"NormalTextRun SCXW116172732 BCX0\">Cette semaine, nous vous pr\u00e9sentons une gestionnaire principale d\u2019interface et d\u2019int\u00e9gration de syst\u00e8mes de notre secteur du transport en commun et du chemin de fer dans la r\u00e9gion Canada, et nous offrons un aper\u00e7u de ses sources d\u2019inspiration et de son travail.<\/span><\/span><span class=\"EOP SCXW116172732 BCX0\" data-ccp-props=\"{&quot;201341983&quot;:2,&quot;335557856&quot;:16777215,&quot;335559739&quot;:0,&quot;335559740&quot;:300}\">\u00a0<\/span><\/p>\n<\/p>\n                    <\/div>\n                                            <div class=\"media-text-link\">\n                            <a href=\"\/fr-ca\/people-spotlight-meet-lamiaa-eldakhly\/\"                                 class=\"aecom-global-cta aecom-global-cta-sml aecom-global-cta-bold button-outline\">Lire la suite<\/a>\n\n                        <\/div>\n                                    <\/div>\n            <\/div>\n                            <div class=\"col-lg-5 col-md-12 col-sm-12 media-image-container\"\n                    style=\"background-color: #000;\">\n                    <div class=\"media-image\"\n                        style=\"background-image: url('https:\/\/aecom.com\/fr-ca\/wp-content\/uploads\/2024\/10\/LE-header.jpg');opacity: 100%;\">\n                    <\/div>\n                <\/div>\n                                <\/div>\n    <\/div>\n\n        <div class=\"full-width-media theme-stone-grey-light layout-one-third media-stacked\"\n            style=\"margin-top: 0px; margin-bottom: 0px\">\n                <div\n            class=\"row no-gutters flex-sm-wrap \">\n            <div\n                class=\"col-lg-7 col-sm-12 col-md-12 media-text-content\">\n                <div class=\"media-text-content-wrapper\">\n                    <div class=\"media-text-title\">\n                                                                                                    <h2>Pleins feux sur les employ\u00e9s : Voici Cosmin Chiselencu<\/h2>\n                                                                    <\/div>\n                    <div class=\"media-text-text\">\n                        <p><p><span class=\"TextRun SCXW264858521 BCX0\" lang=\"FR-CA\" xml:lang=\"FR-CA\" data-contrast=\"none\"><span class=\"NormalTextRun SCXW264858521 BCX0\">Cette semaine, nous mettons en lumi\u00e8re un ing\u00e9nieur r\u00e9sident de notre secteur d&#8217;activit\u00e9 Eau d<\/span><span class=\"NormalTextRun SCXW264858521 BCX0\">e<\/span><span class=\"NormalTextRun SCXW264858521 BCX0\"> la r\u00e9gion Canada et nous vous donnons un aper\u00e7u <\/span><\/span><span class=\"TextRun SCXW264858521 BCX0\" lang=\"FR-CA\" xml:lang=\"FR-CA\" data-contrast=\"none\"><span class=\"NormalTextRun SCXW264858521 BCX0\">de <\/span><span class=\"NormalTextRun SCXW264858521 BCX0\">ce qui l\u2019inspire<\/span><\/span><span class=\"TextRun SCXW264858521 BCX0\" lang=\"FR-CA\" xml:lang=\"FR-CA\" data-contrast=\"none\"> <span class=\"NormalTextRun SCXW264858521 BCX0\">et de son travail dans le domaine <\/span><\/span><span class=\"TextRun SCXW264858521 BCX0\" lang=\"FR-CA\" xml:lang=\"FR-CA\" data-contrast=\"none\"><span class=\"NormalTextRun SCXW264858521 BCX0\">de l<\/span><span class=\"NormalTextRun SCXW264858521 BCX0\">a gestion<\/span> <\/span><span class=\"TextRun SCXW264858521 BCX0\" lang=\"FR-CA\" xml:lang=\"FR-CA\" data-contrast=\"none\"><span class=\"NormalTextRun SCXW264858521 BCX0\">de la construction.<\/span><\/span><span class=\"EOP SCXW264858521 BCX0\" data-ccp-props=\"{&quot;201341983&quot;:0,&quot;335559685&quot;:0,&quot;335559739&quot;:0,&quot;335559740&quot;:252}\">\u00a0<\/span><\/p>\n<\/p>\n                    <\/div>\n                                            <div class=\"media-text-link\">\n                            <a href=\"\/fr-ca\/people-spotlight-meet-cosmin-chiselencu\/\"                                 class=\"aecom-global-cta aecom-global-cta-sml aecom-global-cta-bold button-outline\">Lire la suite<\/a>\n\n                        <\/div>\n                                    <\/div>\n            <\/div>\n                            <div class=\"col-lg-5 col-md-12 col-sm-12 media-image-container\"\n                    style=\"background-color: #000;\">\n                    <div class=\"media-image\"\n                        style=\"background-image: url('https:\/\/aecom.com\/fr-ca\/wp-content\/uploads\/2024\/10\/Ashbridges-Bay-Treatment-Plant-201909-19-resized-1-1024x682-2.jpg');opacity: 100%;\">\n                    <\/div>\n                <\/div>\n                                <\/div>\n    <\/div>","protected":false},"excerpt":{"rendered":"<p>Voir nos Examens approfondis et nos Pleins feux sur les employ\u00e9s ici<\/p>\n","protected":false},"author":701,"featured_media":6467,"parent":0,"menu_order":0,"comment_status":"closed","ping_status":"closed","template":"","meta":{"_acf_changed":false,"footnotes":""},"yst_prominent_words":[],"class_list":["post-6347","page","type-page","status-publish","has-post-thumbnail","hentry"],"acf":[],"_links":{"self":[{"href":"https:\/\/aecom.com\/fr-ca\/wp-json\/wp\/v2\/pages\/6347","targetHints":{"allow":["GET"]}}],"collection":[{"href":"https:\/\/aecom.com\/fr-ca\/wp-json\/wp\/v2\/pages"}],"about":[{"href":"https:\/\/aecom.com\/fr-ca\/wp-json\/wp\/v2\/types\/page"}],"author":[{"embeddable":true,"href":"https:\/\/aecom.com\/fr-ca\/wp-json\/wp\/v2\/users\/701"}],"replies":[{"embeddable":true,"href":"https:\/\/aecom.com\/fr-ca\/wp-json\/wp\/v2\/comments?post=6347"}],"version-history":[{"count":5,"href":"https:\/\/aecom.com\/fr-ca\/wp-json\/wp\/v2\/pages\/6347\/revisions"}],"predecessor-version":[{"id":8244,"href":"https:\/\/aecom.com\/fr-ca\/wp-json\/wp\/v2\/pages\/6347\/revisions\/8244"}],"wp:featuredmedia":[{"embeddable":true,"href":"https:\/\/aecom.com\/fr-ca\/wp-json\/wp\/v2\/media\/6467"}],"wp:attachment":[{"href":"https:\/\/aecom.com\/fr-ca\/wp-json\/wp\/v2\/media?parent=6347"}],"wp:term":[{"taxonomy":"yst_prominent_words","embeddable":true,"href":"https:\/\/aecom.com\/fr-ca\/wp-json\/wp\/v2\/yst_prominent_words?post=6347"}],"curies":[{"name":"wp","href":"https:\/\/api.w.org\/{rel}","templated":true}]}}